{"id":2409,"date":"2020-06-10T22:19:41","date_gmt":"2020-06-11T02:19:41","guid":{"rendered":"https:\/\/gobiernoparroquialremigiocrespo.gob.ec\/azuay\/?page_id=2409"},"modified":"2025-04-03T11:34:33","modified_gmt":"2025-04-03T15:34:33","slug":"pagina-del-gad-remigio-crespo-toral","status":"publish","type":"page","link":"https:\/\/gobiernoparroquialremigiocrespo.gob.ec\/azuay\/","title":{"rendered":"P\u00e1gina del GAD Remigio Crespo Toral"},"content":{"rendered":"[vc_row bg_type=\u00bbbg_color\u00bb bg_color_value=\u00bb#f7f7f7&#8243; css=\u00bb.vc_custom_1581547090144{padding-top: 0px !important;padding-bottom: 0px !important;}\u00bb][vc_column css=\u00bb.vc_custom_1529671385255{background-position: center !important;background-repeat: no-repeat !important;background-size: cover !important;}\u00bb][vc_row_inner][vc_column_inner][vc_column_text]<img loading=\"lazy\" decoding=\"async\" class=\"aligncenter wp-image-3099 size-large\" src=\"https:\/\/gobiernoparroquialremigiocrespo.gob.ec\/azuay\/wp-content\/uploads\/2024\/01\/0160033790001-1024x723.jpeg\" alt=\"\" width=\"1024\" height=\"723\" srcset=\"https:\/\/gobiernoparroquialremigiocrespo.gob.ec\/azuay\/wp-content\/uploads\/2024\/01\/0160033790001-1024x723.jpeg 1024w, https:\/\/gobiernoparroquialremigiocrespo.gob.ec\/azuay\/wp-content\/uploads\/2024\/01\/0160033790001-550x388.jpeg 550w, https:\/\/gobiernoparroquialremigiocrespo.gob.ec\/azuay\/wp-content\/uploads\/2024\/01\/0160033790001-768x542.jpeg 768w, https:\/\/gobiernoparroquialremigiocrespo.gob.ec\/azuay\/wp-content\/uploads\/2024\/01\/0160033790001.jpeg 1280w\" sizes=\"auto, (max-width: 1024px) 100vw, 1024px\" \/>[\/vc_column_text][\/vc_column_inner][\/vc_row_inner][vc_row_inner][vc_column_inner]<div id=\"ultimate-heading-502069f26a2a8b948\" class=\"uvc-heading ult-adjust-bottom-margin ultimate-heading-502069f26a2a8b948 uvc-2916 accent-border-color\" data-hspacer=\"line_only\"  data-halign=\"center\" style=\"text-align:center\"><div class=\"uvc-main-heading ult-responsive\"  data-ultimate-target='.uvc-heading.ultimate-heading-502069f26a2a8b948 h2'  data-responsive-json-new='{\"font-size\":\"desktop:26px;\",\"line-height\":\"desktop:36px;\"}' ><h2 style=\"font-weight:normal;margin-bottom:15px;\">EN LINEA<\/h2><\/div><div class=\"uvc-heading-spacer line_only\" style=\"margin-bottom:60px;height:4px;\"><span class=\"uvc-headings-line\" style=\"border-style:solid;border-bottom-width:4px;border-color:#d8c965;width:100px;\"><\/span><\/div><\/div>[\/vc_column_inner][\/vc_row_inner][vc_row_inner][vc_column_inner width=\u00bb1\/3&#8243;]<div class=\"ult-just-icon-wrapper  \"><div class=\"align-icon\" style=\"text-align:center;\">\n<div class=\"aio-icon none \" data-animation=\"swing\" data-animation-delay=\"03\" style=\"color:#ea841e;font-size:80px;display:inline-block;\">\n\t<i class=\"Defaults-bar-chart bar-chart-o\"><\/i>\n<\/div><\/div><\/div><div id=\"ultimate-heading-59169f26a2a8ba8a\" class=\"uvc-heading ult-adjust-bottom-margin ultimate-heading-59169f26a2a8ba8a uvc-3201 \" data-hspacer=\"no_spacer\"  data-halign=\"center\" style=\"text-align:center\"><div class=\"uvc-heading-spacer no_spacer\" style=\"top\"><\/div><div class=\"uvc-main-heading ult-responsive\"  data-ultimate-target='.uvc-heading.ultimate-heading-59169f26a2a8ba8a h2'  data-responsive-json-new='{\"font-size\":\"desktop:26px;\",\"line-height\":\"desktop:36px;\"}' ><h2 style=\"font-weight:normal;margin-bottom:5px;\">Rendici\u00f3n de Cuentas<\/h2><\/div><div class=\"uvc-sub-heading ult-responsive\"  data-ultimate-target='.uvc-heading.ultimate-heading-59169f26a2a8ba8a .uvc-sub-heading '  data-responsive-json-new='{\"font-size\":\"\",\"line-height\":\"desktop:28px;\"}'  style=\"font-weight:normal;margin-bottom:20px;\">Informe anual sobre los trabajos y gesti\u00f3n realizada.<\/div><\/div><div class=\" ubtn-ctn-center \"><button type=\"button\" id=\"ubtn-3049\"  class=\"ubtn ult-adjust-bottom-margin ult-responsive ubtn-normal ubtn-fade-bg  ulta-float  ubtn-center   tooltip-69f26a2a8bab4\"  data-hover=\"\" data-border-color=\"\" data-bg=\"#e0e0e0\" data-hover-bg=\"\" data-border-hover=\"\" data-shadow-hover=\"\" data-shadow-click=\"none\" data-shadow=\"\" data-shd-shadow=\"\"  data-ultimate-target='#ubtn-3049'  data-responsive-json-new='{\"font-size\":\"\",\"line-height\":\"\"}'  style=\"font-weight:normal;border:none;background: #e0e0e0;color: #000000;\"><span class=\"ubtn-hover\" style=\"background-color:\"><\/span><span class=\"ubtn-data ubtn-text \" >Descargar<\/span><\/button><\/div>[\/vc_column_inner][vc_column_inner width=\u00bb1\/3&#8243;]<div class=\"ult-just-icon-wrapper  \"><div class=\"align-icon\" style=\"text-align:center;\">\n<div class=\"aio-icon none \" data-animation=\"swing\" data-animation-delay=\"03\" style=\"color:#ea841e;font-size:80px;display:inline-block;\">\n\t<i class=\"Defaults-book\"><\/i>\n<\/div><\/div><\/div><div id=\"ultimate-heading-694169f26a2a8bafb\" class=\"uvc-heading ult-adjust-bottom-margin ultimate-heading-694169f26a2a8bafb uvc-7201 \" data-hspacer=\"no_spacer\"  data-halign=\"center\" style=\"text-align:center\"><div class=\"uvc-heading-spacer no_spacer\" style=\"top\"><\/div><div class=\"uvc-main-heading ult-responsive\"  data-ultimate-target='.uvc-heading.ultimate-heading-694169f26a2a8bafb h2'  data-responsive-json-new='{\"font-size\":\"desktop:26px;\",\"line-height\":\"desktop:36px;\"}' ><h2 style=\"font-weight:normal;margin-bottom:5px;\">PDOT<\/h2><\/div><div class=\"uvc-sub-heading ult-responsive\"  data-ultimate-target='.uvc-heading.ultimate-heading-694169f26a2a8bafb .uvc-sub-heading '  data-responsive-json-new='{\"font-size\":\"\",\"line-height\":\"desktop:28px;\"}'  style=\"font-weight:normal;margin-bottom:20px;\">Descargar el documento del Plan de ordenamiento Territorial.<\/div><\/div><div class=\" ubtn-ctn-center \"><a class=\"ubtn-link ult-adjust-bottom-margin ubtn-center ubtn-normal \" href=\"https:\/\/drive.google.com\/file\/d\/1K5ZUhe6CpR5-B6_1qliPgJiqwDQmLcqC\/view?usp=sharing\" target=\"_blank\" rel=\"noopener\" ><button type=\"button\" id=\"ubtn-5089\"  class=\"ubtn ult-adjust-bottom-margin ult-responsive ubtn-normal ubtn-fade-bg  ulta-float  ubtn-center   tooltip-69f26a2a8bb1c\"  data-hover=\"\" data-border-color=\"\" data-bg=\"#e0e0e0\" data-hover-bg=\"\" data-border-hover=\"\" data-shadow-hover=\"\" data-shadow-click=\"none\" data-shadow=\"\" data-shd-shadow=\"\"  data-ultimate-target='#ubtn-5089'  data-responsive-json-new='{\"font-size\":\"\",\"line-height\":\"\"}'  style=\"font-weight:normal;border:none;background: #e0e0e0;color: #000000;\"><span class=\"ubtn-hover\" style=\"background-color:\"><\/span><span class=\"ubtn-data ubtn-text \" >Descargar<\/span><\/button><\/a><\/div>[\/vc_column_inner][vc_column_inner width=\u00bb1\/3&#8243;]<div class=\"ult-just-icon-wrapper  \"><div class=\"align-icon\" style=\"text-align:center;\">\n<div class=\"aio-icon none \" data-animation=\"swing\" data-animation-delay=\"03\" style=\"color:#ea841e;font-size:80px;display:inline-block;\">\n\t<i class=\"Defaults-camera-retro\"><\/i>\n<\/div><\/div><\/div><div id=\"ultimate-heading-524869f26a2a8bb64\" class=\"uvc-heading ult-adjust-bottom-margin ultimate-heading-524869f26a2a8bb64 uvc-3773 \" data-hspacer=\"no_spacer\"  data-halign=\"center\" style=\"text-align:center\"><div class=\"uvc-heading-spacer no_spacer\" style=\"top\"><\/div><div class=\"uvc-main-heading ult-responsive\"  data-ultimate-target='.uvc-heading.ultimate-heading-524869f26a2a8bb64 h2'  data-responsive-json-new='{\"font-size\":\"desktop:26px;\",\"line-height\":\"desktop:36px;\"}' ><h2 style=\"font-weight:normal;margin-bottom:5px;\">Turismo<\/h2><\/div><div class=\"uvc-sub-heading ult-responsive\"  data-ultimate-target='.uvc-heading.ultimate-heading-524869f26a2a8bb64 .uvc-sub-heading '  data-responsive-json-new='{\"font-size\":\"\",\"line-height\":\"desktop:28px;\"}'  style=\"font-weight:normal;margin-bottom:20px;\">Conoce sobre los atractivos tur\u00edsticos de nuestra parroquia.<\/div><\/div><div class=\" ubtn-ctn-center \"><button type=\"button\" id=\"ubtn-2281\"  class=\"ubtn ult-adjust-bottom-margin ult-responsive ubtn-normal ubtn-fade-bg  ulta-float  ubtn-center   tooltip-69f26a2a8bb82\"  data-hover=\"\" data-border-color=\"\" data-bg=\"#e0e0e0\" data-hover-bg=\"\" data-border-hover=\"\" data-shadow-hover=\"\" data-shadow-click=\"none\" data-shadow=\"\" data-shd-shadow=\"\"  data-ultimate-target='#ubtn-2281'  data-responsive-json-new='{\"font-size\":\"\",\"line-height\":\"\"}'  style=\"font-weight:normal;border:none;background: #e0e0e0;color: #000000;\"><span class=\"ubtn-hover\" style=\"background-color:\"><\/span><span class=\"ubtn-data ubtn-text \" >Ir a Turismo<\/span><\/button><\/div>[\/vc_column_inner][\/vc_row_inner][vc_column_inner][\/vc_column_inner][\/vc_column][\/vc_row][vc_row bg_type=\u00bbimage\u00bb parallax_style=\u00bbvcpb-vz-jquery\u00bb bg_image_new=\u00bbid^2427|url^https:\/\/gobiernoparroquialremigiocrespo.gob.ec\/azuay\/wp-content\/uploads\/2020\/06\/101791775_2460634024235810_9149135584432750592_n.jpg|caption^null|alt^null|title^101791775_2460634024235810_9149135584432750592_n|description^null\u00bb bg_image_repeat=\u00bbno-repeat\u00bb enable_overlay=\u00bbenable_overlay_value\u00bb overlay_color=\u00bbrgba(0,0,0,0.18)\u00bb css=\u00bb.vc_custom_1595957880733{padding-top: 80px !important;padding-bottom: 80px !important;}\u00bb][vc_column]<div id=\"ultimate-heading-90769f26a2a8bba9\" class=\"uvc-heading ult-adjust-bottom-margin ultimate-heading-90769f26a2a8bba9 uvc-8510 accent-border-color\" data-hspacer=\"line_only\"  data-halign=\"center\" style=\"text-align:center\"><div class=\"uvc-main-heading ult-responsive\"  data-ultimate-target='.uvc-heading.ultimate-heading-90769f26a2a8bba9 h2'  data-responsive-json-new='{\"font-size\":\"desktop:40px;\",\"line-height\":\"desktop:50px;\"}' ><h2 style=\"font-weight:normal;color:#ffffff;margin-bottom:15px;\">Turismo en Remigio Crespo Toral<\/h2><\/div><div class=\"uvc-heading-spacer line_only\" style=\"margin-bottom:60px;height:4px;\"><span class=\"uvc-headings-line\" style=\"border-style:solid;border-bottom-width:4px;border-color:#d8c965;width:100px;\"><\/span><\/div><\/div><div class=\" ubtn-ctn-center \"><a class=\"ubtn-link ult-adjust-bottom-margin ubtn-center ubtn-normal \" href=\"http:\/\/\" ><button type=\"button\" id=\"ubtn-5547\"  class=\"ubtn ult-adjust-bottom-margin ult-responsive ubtn-normal ubtn-fade-bg  ulta-pulse-grow  ubtn-center   tooltip-69f26a2a8bbca\"  data-hover=\"\" data-border-color=\"#dd9933\" data-bg=\"#e0e0e0\" data-hover-bg=\"\" data-border-hover=\"\" data-shadow-hover=\"\" data-shadow-click=\"none\" data-shadow=\"\" data-shd-shadow=\"\"  data-ultimate-target='#ubtn-5547'  data-responsive-json-new='{\"font-size\":\"\",\"line-height\":\"\"}'  style=\"font-weight:normal;border-radius:3px;border-width:1px;border-color:#dd9933;border-style:solid;background: #e0e0e0;color: #000000;\"><span class=\"ubtn-hover\" style=\"background-color:\"><\/span><span class=\"ubtn-data ubtn-text \" >Ir a Turismo<\/span><\/button><\/a><\/div>[\/vc_column][\/vc_row][vc_row][vc_column]<div id=\"ultimate-heading-945769f26a2a8bbf8\" class=\"uvc-heading ult-adjust-bottom-margin ultimate-heading-945769f26a2a8bbf8 uvc-934 accent-border-color\" data-hspacer=\"line_only\"  data-halign=\"center\" style=\"text-align:center\"><div class=\"uvc-main-heading ult-responsive\"  data-ultimate-target='.uvc-heading.ultimate-heading-945769f26a2a8bbf8 h2'  data-responsive-json-new='{\"font-size\":\"desktop:26px;\",\"line-height\":\"desktop:36px;\"}' ><h2 style=\"font-weight:normal;margin-bottom:15px;\">Mensaje del Se\u00f1or Presidente<\/h2><\/div><div class=\"uvc-heading-spacer line_only\" style=\"margin-bottom:60px;height:4px;\"><span class=\"uvc-headings-line\" style=\"border-style:solid;border-bottom-width:4px;border-color:#d8c965;width:100px;\"><\/span><\/div><\/div>[vc_row_inner][vc_column_inner width=\u00bb1\/2&#8243;][vc_single_image image=\u00bb3023&#8243; img_size=\u00bb200&#215;300&#8243; alignment=\u00bbcenter\u00bb css_animation=\u00bbfadeInLeft\u00bb]<div id=\"ultimate-heading-931269f26a2a8bc12\" class=\"uvc-heading ult-adjust-bottom-margin ultimate-heading-931269f26a2a8bc12 uvc-2285 \" data-hspacer=\"no_spacer\"  data-halign=\"center\" style=\"text-align:center\"><div class=\"uvc-heading-spacer no_spacer\" style=\"top\"><\/div><div class=\"uvc-main-heading ult-responsive\"  data-ultimate-target='.uvc-heading.ultimate-heading-931269f26a2a8bc12 h2'  data-responsive-json-new='{\"font-size\":\"desktop:26px;\",\"line-height\":\"desktop:36px;\"}' ><h2 style=\"font-weight:normal;margin-bottom:5px;\">Sr. ROBINSON OSWALDO FERNANDEZ FERNANDEZ<\/h2><\/div><div class=\"uvc-sub-heading ult-responsive\"  data-ultimate-target='.uvc-heading.ultimate-heading-931269f26a2a8bc12 .uvc-sub-heading '  data-responsive-json-new='{\"font-size\":\"\",\"line-height\":\"desktop:28px;\"}'  style=\"font-weight:normal;margin-bottom:20px;\">\n<p style=\"text-align: center;\"><em>Presidente parroquial<\/em><\/p>\n<\/div><\/div>[\/vc_column_inner][vc_column_inner width=\u00bb1\/2&#8243;][vc_empty_space height=\u00bb42px\u00bb][vc_column_text]\n<div><\/div>\n<div><\/div>\n<div><\/div>\n<blockquote>\n<h4 style=\"text-align: center;\">Un saludo fraterno a todo mi pueblo Remigio Crespo Toral, asumo esta gran responsabilidad a trav\u00e9s del voto popular, consciente que es un trabajo conjunto para buscar soluciones en las diferentes necesidades y obras que permitan el desarrollo de la parroquia y nuestras comunidades. Sabemos que no es una tarea f\u00e1cil pero tampoco dif\u00edcil, estoy consciente y seguro que las obras y los grandes logros se lo consigue sumando esfuerzos y dejando atr\u00e1s los intereses mezquinos, ego\u00edstas, y personales que se hacen que se trunquen proyectos y metas planificadas para el desarrollo de Remigio Crespo Toral.<\/h4>\n<h4>Presidente del GAD Parroquial Remigio Crespo Toral<\/h4>\n<\/blockquote>\n[\/vc_column_text][\/vc_column_inner][\/vc_row_inner][\/vc_column][\/vc_row]\n","protected":false},"excerpt":{"rendered":"<p>[vc_row bg_type=\u00bbbg_color\u00bb bg_color_value=\u00bb#f7f7f7&#8243; css=\u00bb.vc_custom_1581547090144{padding-top: 0px !important;padding-bottom: 0px !important;}\u00bb][vc_column css=\u00bb.vc_custom_1529671385255{background-position: center !important;background-repeat: no-repeat !important;background-size: cover !important;}\u00bb][vc_row_inner][vc_column_inner][vc_column_text][\/vc_column_text][\/vc_column_inner][\/vc_row_inner][vc_row_inner][vc_column_inner][\/vc_column_inner][\/vc_row_inner][vc_row_inner][vc_column_inner width=\u00bb1\/3&#8243;][\/vc_column_inner][vc_column_inner width=\u00bb1\/3&#8243;][\/vc_column_inner][vc_column_inner width=\u00bb1\/3&#8243;][\/vc_column_inner][\/vc_row_inner][vc_column_inner][\/vc_column_inner][\/vc_column][\/vc_row][vc_row bg_type=\u00bbimage\u00bb parallax_style=\u00bbvcpb-vz-jquery\u00bb bg_image_new=\u00bbid^2427|url^https:\/\/gobiernoparroquialremigiocrespo.gob.ec\/azuay\/wp-content\/uploads\/2020\/06\/101791775_2460634024235810_9149135584432750592_n.jpg|caption^null|alt^null|title^101791775_2460634024235810_9149135584432750592_n|description^null\u00bb bg_image_repeat=\u00bbno-repeat\u00bb enable_overlay=\u00bbenable_overlay_value\u00bb overlay_color=\u00bbrgba(0,0,0,0.18)\u00bb css=\u00bb.vc_custom_1595957880733{padding-top: 80px !important;padding-bottom: 80px !important;}\u00bb][vc_column][\/vc_column][\/vc_row][vc_row][vc_column][vc_row_inner][vc_column_inner width=\u00bb1\/2&#8243;][vc_single_image image=\u00bb3023&#8243; img_size=\u00bb200&#215;300&#8243; alignment=\u00bbcenter\u00bb css_animation=\u00bbfadeInLeft\u00bb][\/vc_column_inner][vc_column_inner width=\u00bb1\/2&#8243;][vc_empty_space height=\u00bb42px\u00bb][vc_column_text] Un saludo fraterno a todo mi pueblo Remigio Crespo Toral, asumo esta gran responsabilidad a trav\u00e9s del voto popular, [&hellip;]<\/p>\n","protected":false},"author":8,"featured_media":0,"parent":0,"menu_order":0,"comment_status":"closed","ping_status":"closed","template":"","meta":{"footnotes":""},"class_list":["post-2409","page","type-page","status-publish","hentry"],"yoast_head":"<!-- This site is optimized with the Yoast SEO plugin v24.1 - https:\/\/yoast.com\/wordpress\/plugins\/seo\/ -->\n<title>P\u00e1gina del GAD Remigio Crespo Toral - GAD Parroquial de Remigio Crespo Toral<\/title>\n<meta name=\"robots\" content=\"index, follow, max-snippet:-1, max-image-preview:large, max-video-preview:-1\" \/>\n<link rel=\"canonical\" href=\"https:\/\/gobiernoparroquialremigiocrespo.gob.ec\/azuay\/\" \/>\n<meta property=\"og:locale\" content=\"es_ES\" \/>\n<meta property=\"og:type\" content=\"article\" \/>\n<meta property=\"og:title\" content=\"P\u00e1gina del GAD Remigio Crespo Toral - GAD Parroquial de Remigio Crespo Toral\" \/>\n<meta property=\"og:description\" content=\"[vc_row bg_type=\u00bbbg_color\u00bb bg_color_value=\u00bb#f7f7f7&#8243; css=\u00bb.vc_custom_1581547090144{padding-top: 0px !important;padding-bottom: 0px !important;}\u00bb][vc_column css=\u00bb.vc_custom_1529671385255{background-position: center !important;background-repeat: no-repeat !important;background-size: cover !important;}\u00bb][vc_row_inner][vc_column_inner][vc_column_text][\/vc_column_text][\/vc_column_inner][\/vc_row_inner][vc_row_inner][vc_column_inner][\/vc_column_inner][\/vc_row_inner][vc_row_inner][vc_column_inner width=\u00bb1\/3&#8243;][\/vc_column_inner][vc_column_inner width=\u00bb1\/3&#8243;][\/vc_column_inner][vc_column_inner width=\u00bb1\/3&#8243;][\/vc_column_inner][\/vc_row_inner][vc_column_inner][\/vc_column_inner][\/vc_column][\/vc_row][vc_row bg_type=\u00bbimage\u00bb parallax_style=\u00bbvcpb-vz-jquery\u00bb bg_image_new=\u00bbid^2427|url^https:\/\/gobiernoparroquialremigiocrespo.gob.ec\/azuay\/wp-content\/uploads\/2020\/06\/101791775_2460634024235810_9149135584432750592_n.jpg|caption^null|alt^null|title^101791775_2460634024235810_9149135584432750592_n|description^null\u00bb bg_image_repeat=\u00bbno-repeat\u00bb enable_overlay=\u00bbenable_overlay_value\u00bb overlay_color=\u00bbrgba(0,0,0,0.18)\u00bb css=\u00bb.vc_custom_1595957880733{padding-top: 80px !important;padding-bottom: 80px !important;}\u00bb][vc_column][\/vc_column][\/vc_row][vc_row][vc_column][vc_row_inner][vc_column_inner width=\u00bb1\/2&#8243;][vc_single_image image=\u00bb3023&#8243; img_size=\u00bb200&#215;300&#8243; alignment=\u00bbcenter\u00bb css_animation=\u00bbfadeInLeft\u00bb][\/vc_column_inner][vc_column_inner width=\u00bb1\/2&#8243;][vc_empty_space height=\u00bb42px\u00bb][vc_column_text] Un saludo fraterno a todo mi pueblo Remigio Crespo Toral, asumo esta gran responsabilidad a trav\u00e9s del voto popular, [&hellip;]\" \/>\n<meta property=\"og:url\" content=\"https:\/\/gobiernoparroquialremigiocrespo.gob.ec\/azuay\/\" \/>\n<meta property=\"og:site_name\" content=\"GAD Parroquial de Remigio Crespo Toral\" \/>\n<meta property=\"article:modified_time\" content=\"2025-04-03T15:34:33+00:00\" \/>\n<meta property=\"og:image\" content=\"https:\/\/gobiernoparroquialremigiocrespo.gob.ec\/azuay\/wp-content\/uploads\/2024\/01\/0160033790001.jpeg\" \/>\n\t<meta property=\"og:image:width\" content=\"1280\" \/>\n\t<meta property=\"og:image:height\" content=\"904\" \/>\n\t<meta property=\"og:image:type\" content=\"image\/jpeg\" \/>\n<meta name=\"twitter:card\" content=\"summary_large_image\" \/>\n<meta name=\"twitter:label1\" content=\"Tiempo de lectura\" \/>\n\t<meta name=\"twitter:data1\" content=\"2 minutos\" \/>\n<script type=\"application\/ld+json\" class=\"yoast-schema-graph\">{\"@context\":\"https:\/\/schema.org\",\"@graph\":[{\"@type\":\"WebPage\",\"@id\":\"https:\/\/gobiernoparroquialremigiocrespo.gob.ec\/azuay\/\",\"url\":\"https:\/\/gobiernoparroquialremigiocrespo.gob.ec\/azuay\/\",\"name\":\"P\u00e1gina del GAD Remigio Crespo Toral - GAD Parroquial de Remigio Crespo Toral\",\"isPartOf\":{\"@id\":\"https:\/\/gobiernoparroquialremigiocrespo.gob.ec\/azuay\/#website\"},\"primaryImageOfPage\":{\"@id\":\"https:\/\/gobiernoparroquialremigiocrespo.gob.ec\/azuay\/#primaryimage\"},\"image\":{\"@id\":\"https:\/\/gobiernoparroquialremigiocrespo.gob.ec\/azuay\/#primaryimage\"},\"thumbnailUrl\":\"https:\/\/gobiernoparroquialremigiocrespo.gob.ec\/azuay\/wp-content\/uploads\/2024\/01\/0160033790001-1024x723.jpeg\",\"datePublished\":\"2020-06-11T02:19:41+00:00\",\"dateModified\":\"2025-04-03T15:34:33+00:00\",\"breadcrumb\":{\"@id\":\"https:\/\/gobiernoparroquialremigiocrespo.gob.ec\/azuay\/#breadcrumb\"},\"inLanguage\":\"es\",\"potentialAction\":[{\"@type\":\"ReadAction\",\"target\":[\"https:\/\/gobiernoparroquialremigiocrespo.gob.ec\/azuay\/\"]}]},{\"@type\":\"ImageObject\",\"inLanguage\":\"es\",\"@id\":\"https:\/\/gobiernoparroquialremigiocrespo.gob.ec\/azuay\/#primaryimage\",\"url\":\"https:\/\/gobiernoparroquialremigiocrespo.gob.ec\/azuay\/wp-content\/uploads\/2024\/01\/0160033790001.jpeg\",\"contentUrl\":\"https:\/\/gobiernoparroquialremigiocrespo.gob.ec\/azuay\/wp-content\/uploads\/2024\/01\/0160033790001.jpeg\",\"width\":1280,\"height\":904},{\"@type\":\"BreadcrumbList\",\"@id\":\"https:\/\/gobiernoparroquialremigiocrespo.gob.ec\/azuay\/#breadcrumb\",\"itemListElement\":[{\"@type\":\"ListItem\",\"position\":1,\"name\":\"Home\",\"item\":\"https:\/\/gobiernoparroquialremigiocrespo.gob.ec\/azuay\/\"},{\"@type\":\"ListItem\",\"position\":2,\"name\":\"P\u00e1gina del GAD Remigio Crespo Toral\"}]},{\"@type\":\"WebSite\",\"@id\":\"https:\/\/gobiernoparroquialremigiocrespo.gob.ec\/azuay\/#website\",\"url\":\"https:\/\/gobiernoparroquialremigiocrespo.gob.ec\/azuay\/\",\"name\":\"GAD Parroquial de Remigio Crespo Toral\",\"description\":\"Sitio Oficial de  la Parroquia de Remigio Crespo Toral\",\"potentialAction\":[{\"@type\":\"SearchAction\",\"target\":{\"@type\":\"EntryPoint\",\"urlTemplate\":\"https:\/\/gobiernoparroquialremigiocrespo.gob.ec\/azuay\/?s={search_term_string}\"},\"query-input\":{\"@type\":\"PropertyValueSpecification\",\"valueRequired\":true,\"valueName\":\"search_term_string\"}}],\"inLanguage\":\"es\"}]}<\/script>\n<!-- \/ Yoast SEO plugin. -->","yoast_head_json":{"title":"P\u00e1gina del GAD Remigio Crespo Toral - GAD Parroquial de Remigio Crespo Toral","robots":{"index":"index","follow":"follow","max-snippet":"max-snippet:-1","max-image-preview":"max-image-preview:large","max-video-preview":"max-video-preview:-1"},"canonical":"https:\/\/gobiernoparroquialremigiocrespo.gob.ec\/azuay\/","og_locale":"es_ES","og_type":"article","og_title":"P\u00e1gina del GAD Remigio Crespo Toral - GAD Parroquial de Remigio Crespo Toral","og_description":"[vc_row bg_type=\u00bbbg_color\u00bb bg_color_value=\u00bb#f7f7f7&#8243; css=\u00bb.vc_custom_1581547090144{padding-top: 0px !important;padding-bottom: 0px !important;}\u00bb][vc_column css=\u00bb.vc_custom_1529671385255{background-position: center !important;background-repeat: no-repeat !important;background-size: cover !important;}\u00bb][vc_row_inner][vc_column_inner][vc_column_text][\/vc_column_text][\/vc_column_inner][\/vc_row_inner][vc_row_inner][vc_column_inner][\/vc_column_inner][\/vc_row_inner][vc_row_inner][vc_column_inner width=\u00bb1\/3&#8243;][\/vc_column_inner][vc_column_inner width=\u00bb1\/3&#8243;][\/vc_column_inner][vc_column_inner width=\u00bb1\/3&#8243;][\/vc_column_inner][\/vc_row_inner][vc_column_inner][\/vc_column_inner][\/vc_column][\/vc_row][vc_row bg_type=\u00bbimage\u00bb parallax_style=\u00bbvcpb-vz-jquery\u00bb bg_image_new=\u00bbid^2427|url^https:\/\/gobiernoparroquialremigiocrespo.gob.ec\/azuay\/wp-content\/uploads\/2020\/06\/101791775_2460634024235810_9149135584432750592_n.jpg|caption^null|alt^null|title^101791775_2460634024235810_9149135584432750592_n|description^null\u00bb bg_image_repeat=\u00bbno-repeat\u00bb enable_overlay=\u00bbenable_overlay_value\u00bb overlay_color=\u00bbrgba(0,0,0,0.18)\u00bb css=\u00bb.vc_custom_1595957880733{padding-top: 80px !important;padding-bottom: 80px !important;}\u00bb][vc_column][\/vc_column][\/vc_row][vc_row][vc_column][vc_row_inner][vc_column_inner width=\u00bb1\/2&#8243;][vc_single_image image=\u00bb3023&#8243; img_size=\u00bb200&#215;300&#8243; alignment=\u00bbcenter\u00bb css_animation=\u00bbfadeInLeft\u00bb][\/vc_column_inner][vc_column_inner width=\u00bb1\/2&#8243;][vc_empty_space height=\u00bb42px\u00bb][vc_column_text] Un saludo fraterno a todo mi pueblo Remigio Crespo Toral, asumo esta gran responsabilidad a trav\u00e9s del voto popular, [&hellip;]","og_url":"https:\/\/gobiernoparroquialremigiocrespo.gob.ec\/azuay\/","og_site_name":"GAD Parroquial de Remigio Crespo Toral","article_modified_time":"2025-04-03T15:34:33+00:00","og_image":[{"width":1280,"height":904,"url":"https:\/\/gobiernoparroquialremigiocrespo.gob.ec\/azuay\/wp-content\/uploads\/2024\/01\/0160033790001.jpeg","type":"image\/jpeg"}],"twitter_card":"summary_large_image","twitter_misc":{"Tiempo de lectura":"2 minutos"},"schema":{"@context":"https:\/\/schema.org","@graph":[{"@type":"WebPage","@id":"https:\/\/gobiernoparroquialremigiocrespo.gob.ec\/azuay\/","url":"https:\/\/gobiernoparroquialremigiocrespo.gob.ec\/azuay\/","name":"P\u00e1gina del GAD Remigio Crespo Toral - GAD Parroquial de Remigio Crespo Toral","isPartOf":{"@id":"https:\/\/gobiernoparroquialremigiocrespo.gob.ec\/azuay\/#website"},"primaryImageOfPage":{"@id":"https:\/\/gobiernoparroquialremigiocrespo.gob.ec\/azuay\/#primaryimage"},"image":{"@id":"https:\/\/gobiernoparroquialremigiocrespo.gob.ec\/azuay\/#primaryimage"},"thumbnailUrl":"https:\/\/gobiernoparroquialremigiocrespo.gob.ec\/azuay\/wp-content\/uploads\/2024\/01\/0160033790001-1024x723.jpeg","datePublished":"2020-06-11T02:19:41+00:00","dateModified":"2025-04-03T15:34:33+00:00","breadcrumb":{"@id":"https:\/\/gobiernoparroquialremigiocrespo.gob.ec\/azuay\/#breadcrumb"},"inLanguage":"es","potentialAction":[{"@type":"ReadAction","target":["https:\/\/gobiernoparroquialremigiocrespo.gob.ec\/azuay\/"]}]},{"@type":"ImageObject","inLanguage":"es","@id":"https:\/\/gobiernoparroquialremigiocrespo.gob.ec\/azuay\/#primaryimage","url":"https:\/\/gobiernoparroquialremigiocrespo.gob.ec\/azuay\/wp-content\/uploads\/2024\/01\/0160033790001.jpeg","contentUrl":"https:\/\/gobiernoparroquialremigiocrespo.gob.ec\/azuay\/wp-content\/uploads\/2024\/01\/0160033790001.jpeg","width":1280,"height":904},{"@type":"BreadcrumbList","@id":"https:\/\/gobiernoparroquialremigiocrespo.gob.ec\/azuay\/#breadcrumb","itemListElement":[{"@type":"ListItem","position":1,"name":"Home","item":"https:\/\/gobiernoparroquialremigiocrespo.gob.ec\/azuay\/"},{"@type":"ListItem","position":2,"name":"P\u00e1gina del GAD Remigio Crespo Toral"}]},{"@type":"WebSite","@id":"https:\/\/gobiernoparroquialremigiocrespo.gob.ec\/azuay\/#website","url":"https:\/\/gobiernoparroquialremigiocrespo.gob.ec\/azuay\/","name":"GAD Parroquial de Remigio Crespo Toral","description":"Sitio Oficial de  la Parroquia de Remigio Crespo Toral","potentialAction":[{"@type":"SearchAction","target":{"@type":"EntryPoint","urlTemplate":"https:\/\/gobiernoparroquialremigiocrespo.gob.ec\/azuay\/?s={search_term_string}"},"query-input":{"@type":"PropertyValueSpecification","valueRequired":true,"valueName":"search_term_string"}}],"inLanguage":"es"}]}},"_links":{"self":[{"href":"https:\/\/gobiernoparroquialremigiocrespo.gob.ec\/azuay\/wp-json\/wp\/v2\/pages\/2409","targetHints":{"allow":["GET"]}}],"collection":[{"href":"https:\/\/gobiernoparroquialremigiocrespo.gob.ec\/azuay\/wp-json\/wp\/v2\/pages"}],"about":[{"href":"https:\/\/gobiernoparroquialremigiocrespo.gob.ec\/azuay\/wp-json\/wp\/v2\/types\/page"}],"author":[{"embeddable":true,"href":"https:\/\/gobiernoparroquialremigiocrespo.gob.ec\/azuay\/wp-json\/wp\/v2\/users\/8"}],"replies":[{"embeddable":true,"href":"https:\/\/gobiernoparroquialremigiocrespo.gob.ec\/azuay\/wp-json\/wp\/v2\/comments?post=2409"}],"version-history":[{"count":16,"href":"https:\/\/gobiernoparroquialremigiocrespo.gob.ec\/azuay\/wp-json\/wp\/v2\/pages\/2409\/revisions"}],"predecessor-version":[{"id":3517,"href":"https:\/\/gobiernoparroquialremigiocrespo.gob.ec\/azuay\/wp-json\/wp\/v2\/pages\/2409\/revisions\/3517"}],"wp:attachment":[{"href":"https:\/\/gobiernoparroquialremigiocrespo.gob.ec\/azuay\/wp-json\/wp\/v2\/media?parent=2409"}],"curies":[{"name":"wp","href":"https:\/\/api.w.org\/{rel}","templated":true}]}}